{"version":"1.0","provider_name":"Europaschule-Erfurt","provider_url":"https:\/\/europaschule-erfurt.de\/wp","title":"Talentefest - Europaschule-Erfurt","type":"rich","width":600,"height":338,"html":"<blockquote class=\"wp-embedded-content\" data-secret=\"1gB7crlIpY\"><a href=\"https:\/\/europaschule-erfurt.de\/wp\/talentefest\/\">Talentefest<\/a><\/blockquote><iframe sandbox=\"allow-scripts\" security=\"restricted\" src=\"https:\/\/europaschule-erfurt.de\/wp\/talentefest\/embed\/#?secret=1gB7crlIpY\" width=\"600\" height=\"338\" title=\"&#8222;Talentefest&#8220; &#8211; Europaschule-Erfurt\" data-secret=\"1gB7crlIpY\" frameborder=\"0\" marginwidth=\"0\" marginheight=\"0\" scrolling=\"no\" class=\"wp-embedded-content\"><\/iframe><script type=\"text\/javascript\">\n\/* <![CDATA[ *\/\n\/*! This file is auto-generated *\/\n!function(d,l){\"use strict\";l.querySelector&&d.addEventListener&&\"undefined\"!=typeof URL&&(d.wp=d.wp||{},d.wp.receiveEmbedMessage||(d.wp.receiveEmbedMessage=function(e){var t=e.data;if((t||t.secret||t.message||t.value)&&!\/[^a-zA-Z0-9]\/.test(t.secret)){for(var s,r,n,a=l.querySelectorAll('iframe[data-secret=\"'+t.secret+'\"]'),o=l.querySelectorAll('blockquote[data-secret=\"'+t.secret+'\"]'),c=new RegExp(\"^https?:$\",\"i\"),i=0;i<o.length;i++)o[i].style.display=\"none\";for(i=0;i<a.length;i++)s=a[i],e.source===s.contentWindow&&(s.removeAttribute(\"style\"),\"height\"===t.message?(1e3<(r=parseInt(t.value,10))?r=1e3:~~r<200&&(r=200),s.height=r):\"link\"===t.message&&(r=new URL(s.getAttribute(\"src\")),n=new URL(t.value),c.test(n.protocol))&&n.host===r.host&&l.activeElement===s&&(d.top.location.href=t.value))}},d.addEventListener(\"message\",d.wp.receiveEmbedMessage,!1),l.addEventListener(\"DOMContentLoaded\",function(){for(var e,t,s=l.querySelectorAll(\"iframe.wp-embedded-content\"),r=0;r<s.length;r++)(t=(e=s[r]).getAttribute(\"data-secret\"))||(t=Math.random().toString(36).substring(2,12),e.src+=\"#?secret=\"+t,e.setAttribute(\"data-secret\",t)),e.contentWindow.postMessage({message:\"ready\",secret:t},\"*\")},!1)))}(window,document);\n\/* ]]> *\/\n<\/script>\n","description":"Endlich war es soweit- am letzten Tag vor den Osterferien fand unser Talentefest statt.\u00a0 Etwas aufgeregt, aber mit viel Spa\u00df pr\u00e4sentierten die Kinder der 1. und 2. Klassen ihre Talente. Es gab jede Menge T\u00e4nze und Akrobatinnen, aber auch Witze, Interessantes \u00fcber Spinnen, sportliche Beitr\u00e4ge und nat\u00fcrlich Instrumentalst\u00fccke. Ein besonderes\u2026 Hier k\u00f6nnen Sie mehr erfahren...","thumbnail_url":"https:\/\/europaschule-erfurt.de\/wp\/wp-content\/uploads\/2023\/04\/IMG_20230403_133500-1024x751.jpg"}