{"version":"1.0","provider_name":"Europaschule-Erfurt","provider_url":"https:\/\/europaschule-erfurt.de\/wp","title":"Es gr\u00fcnt und bl\u00fcht - Europaschule-Erfurt","type":"rich","width":600,"height":338,"html":"<blockquote class=\"wp-embedded-content\" data-secret=\"I5yz0UDdfe\"><a href=\"https:\/\/europaschule-erfurt.de\/wp\/es-gruent-und-blueht\/\">Es gr\u00fcnt und bl\u00fcht<\/a><\/blockquote><iframe sandbox=\"allow-scripts\" security=\"restricted\" src=\"https:\/\/europaschule-erfurt.de\/wp\/es-gruent-und-blueht\/embed\/#?secret=I5yz0UDdfe\" width=\"600\" height=\"338\" title=\"&#8222;Es gr\u00fcnt und bl\u00fcht&#8220; &#8211; Europaschule-Erfurt\" data-secret=\"I5yz0UDdfe\" frameborder=\"0\" marginwidth=\"0\" marginheight=\"0\" scrolling=\"no\" class=\"wp-embedded-content\"><\/iframe><script type=\"text\/javascript\">\n\/* <![CDATA[ *\/\n\/*! This file is auto-generated *\/\n!function(d,l){\"use strict\";l.querySelector&&d.addEventListener&&\"undefined\"!=typeof URL&&(d.wp=d.wp||{},d.wp.receiveEmbedMessage||(d.wp.receiveEmbedMessage=function(e){var t=e.data;if((t||t.secret||t.message||t.value)&&!\/[^a-zA-Z0-9]\/.test(t.secret)){for(var s,r,n,a=l.querySelectorAll('iframe[data-secret=\"'+t.secret+'\"]'),o=l.querySelectorAll('blockquote[data-secret=\"'+t.secret+'\"]'),c=new RegExp(\"^https?:$\",\"i\"),i=0;i<o.length;i++)o[i].style.display=\"none\";for(i=0;i<a.length;i++)s=a[i],e.source===s.contentWindow&&(s.removeAttribute(\"style\"),\"height\"===t.message?(1e3<(r=parseInt(t.value,10))?r=1e3:~~r<200&&(r=200),s.height=r):\"link\"===t.message&&(r=new URL(s.getAttribute(\"src\")),n=new URL(t.value),c.test(n.protocol))&&n.host===r.host&&l.activeElement===s&&(d.top.location.href=t.value))}},d.addEventListener(\"message\",d.wp.receiveEmbedMessage,!1),l.addEventListener(\"DOMContentLoaded\",function(){for(var e,t,s=l.querySelectorAll(\"iframe.wp-embedded-content\"),r=0;r<s.length;r++)(t=(e=s[r]).getAttribute(\"data-secret\"))||(t=Math.random().toString(36).substring(2,12),e.src+=\"#?secret=\"+t,e.setAttribute(\"data-secret\",t)),e.contentWindow.postMessage({message:\"ready\",secret:t},\"*\")},!1)))}(window,document);\n\/* ]]> *\/\n<\/script>\n","description":"Die Gartensaison hat endlich begonnen und wir freuen uns, dass wir endlich wieder im Schulgarten harken, grubbern, j\u00e4ten, s\u00e4en und pflanzen d\u00fcrfen. Dabei lernen wir viel \u00fcber die Zusammenh\u00e4nge der Natur, \u00fcber die heimische Tier- und Pflanzenwelt und deren gro\u00dfer Bedeutung f\u00fcr uns alle. Wie schon im vergangenen Herbst, als\u2026 Hier k\u00f6nnen Sie mehr erfahren...","thumbnail_url":"http:\/\/europaschule-erfurt.de\/wp\/wp-content\/uploads\/2018\/04\/IMG_0515-e1524291735729-300x225.jpg"}